{"id":1150,"date":"2018-05-21T12:54:40","date_gmt":"2018-05-21T10:54:40","guid":{"rendered":"http:\/\/julia-heiermann.com\/?page_id=1150"},"modified":"2018-05-25T01:08:31","modified_gmt":"2018-05-24T23:08:31","slug":"datenschutz","status":"publish","type":"page","link":"https:\/\/www.julia-heiermann.de\/?page_id=1150","title":{"rendered":"Datenschutz"},"content":{"rendered":"<h2><strong>DATENSCHUTZERKL\u00c4RUNG<\/strong><\/h2>\n<p>Alle personenbezogenen Daten werden vertraulich behandelt. Unsere Datenschutzpraxis steht im Einklang mit dem Bundesdatenschutzgesetz (BDSG) und der Datenschutzgrundverordnung (DSGVO).<\/p>\n<h3><strong>Verantwortlicher im Sinne der DSGVO und des BDSG<\/strong><\/h3>\n<p>Den Verantwortlichen im Sinne von Art. 4 Abs. 7 DSGVO entnehmen Sie bitte dem Impressum, welches Sie jederzeit \u00fcber den Link \u201eImpressum\u201c in der Fu\u00dfzeile erreichen k\u00f6nnen.<\/p>\n<h3><strong>Die Gr\u00fcnde f\u00fcr eine Datenerfassung<\/strong><\/h3>\n<p>Wir erfassen und verarbeiten Ihre Daten zur Bereitstellung unserer Website und um Ihnen den bestm\u00f6glichen Service durch bequemen Zugriff auf unsere Dienstleistungen zu erm\u00f6glichen.<\/p>\n<h3><strong>Welche Daten werden erfasst, verarbeitet oder genutzt?<\/strong><\/h3>\n<h4><strong>Besuch unserer Webseite<\/strong><\/h4>\n<p>Wenn Sie auf unsere Webseiten zugreifen, erfassen unsere Server automatisch Informationen allgemeiner Natur, insbesondere zum Zweck des Verbindungsaufbaus, der Funktionsf\u00e4higkeit und Systemsicherheit. Dazu geh\u00f6ren die Art des verwendeten Browsers, das verwendete Betriebssystem, der Domainname des Internet-Service-Providers, die Verbindungsdaten des verwendeten Computers (IP-Adresse), die Website, von der aus Sie uns besuchen (Referrer-URL), die Seiten, die Sie bei uns besuchen sowie das Datum und die Dauer des Besuches. R\u00fcckschl\u00fcsse aus diesen Daten auf bestimmte Personen sind aufgrund einer Pseudonymisierung f\u00fcr uns nicht m\u00f6glich. Eine Zusammenf\u00fchrung dieser Daten mit anderen Datenquellen wird nicht vorgenommen.<\/p>\n<h4><strong>Kontaktformular<\/strong><\/h4>\n<p>Wenn Sie uns \u00fcber ein Kontaktformular kontaktieren, senden Sie Ihren Namen und Ihre E-Mail-Adresse sowie Ihre Nachricht an uns. Die Daten werden zwecks Bearbeitung Ihrer Anfrage kurzzeitig in unserem Mailprogramm f\u00fcr die M\u00f6glichkeit einer Beantwortung gespeichert. Diese Daten geben wir selbstverst\u00e4ndlich nicht ohne ihre Einwilligung weiter. Die in diesem Zusammenhang anfallenden Daten l\u00f6schen wir, nachdem die Speicherung nicht mehr erforderlich ist, oder schr\u00e4nken die Bearbeitung ein, falls gesetzliche Aufbewahrungspflichten bestehen.\u00a0Rechtsgrundlage f\u00fcr die Verarbeitung Ihrer personenbezogenen Daten ist Art. 6 Abs. 1 lit. b) DSGVO.<\/p>\n<h3><strong>L\u00f6schung<\/strong><\/h3>\n<p>Personenbezogene Daten werden gel\u00f6scht oder gesperrt, sobald der Zweck der Speicherung entf\u00e4llt oder Sie die L\u00f6schung verlangen. Eine L\u00f6schung der Daten erfolgt auch dann, wenn eine durch eine Norm vorgeschriebene Speicherfrist abl\u00e4uft, es sei denn, dass eine Erforderlichkeit zur weiteren Speicherung der Daten f\u00fcr einen Vertragsabschluss oder Vertragserf\u00fcllung besteht oder Sie Ihre diesbez\u00fcgliche Einwilligung erteilt haben.<\/p>\n<h3><strong>Cookies<\/strong><\/h3>\n<p>Damit die Benutzung der Webseiten und Pr\u00e4ferenzen der Webseiten-Besucher attraktiv gestaltet werden kann, werden Cookies eingesetzt. Dadurch wird gew\u00e4hrleistet, dass beispielsweise Hinweise zur Navigation der Galerien lediglich einmal angezeigt werden. Bei Cookies handelt es sich um Text-Dateien, die auf Ihrer Festplatte angelegt werden um eine Identifizierung des Browsers beim erneuten Aufrufen der Website zu erm\u00f6glichen.<\/p>\n<p>Sie k\u00f6nnen die Speicherung von Cookies auf Ihrer Festplatte verhindern, indem sie entsprechende Browser-Einstellungen vornehmen. Bereits gesetzte Cookies k\u00f6nnen jederzeit gel\u00f6scht werden. Wie Sie Cookies l\u00f6schen oder deren Speicherung verhindern, entnehmen Sie bitte der jeweiligen Browser-Anleitung. Wenn Sie keine Cookies akzeptieren, so kann dies zu einer Beeintr\u00e4chtigung bei der Nutzung unseres Internetangebotes f\u00fchren.<\/p>\n<p>Die Rechtsgrundlage f\u00fcr die Verarbeitung von Cookies ist Art. 6 Abs. 1 lit. f) DSGVO.<\/p>\n<h3><strong>Datensicherheit<\/strong><strong>\u00a0<\/strong><\/h3>\n<p>Wir sichern unsere Webseite und sonstigen Systeme durch technische und organisatorische Ma\u00dfnahmen gegen Verlust, Zerst\u00f6rung, Zugriff, Ver\u00e4nderung oder Verbreitung Ihrer Daten durch unbefugte Personen. Die \u00dcbertragung der Daten erfolgt in Abh\u00e4ngigkeit des verwendeten Browsers mit einer von 128 Bit bis 256 Bit SSL-Verschl\u00fcsselung. Trotz regelm\u00e4\u00dfiger Kontrollen und stetiger Verbesserung unserer Sicherheitsma\u00dfnahmen ist ein vollst\u00e4ndiger Schutz gegen alle Gefahren nicht m\u00f6glich.<\/p>\n<h3><strong>RECHTE DER BETROFFENEN PERSON<\/strong><\/h3>\n<p>Werden personenbezogene Daten von Ihnen verarbeitet, sind Sie Betroffener i. S. d. DSGVO und es stehen Ihnen folgende Rechte gegen\u00fcber dem Verantwortlichen zu:<\/p>\n<h4><strong>Auskunftsrecht<\/strong><strong>\u00a0<\/strong><\/h4>\n<p>Sie k\u00f6nnen von dem Verantwortlichen eine Best\u00e4tigung dar\u00fcber verlangen, ob personenbezogene Daten, die Sie betreffen, von uns verarbeitet werden.<\/p>\n<p>Liegt eine solche Verarbeitung vor, k\u00f6nnen Sie von dem Verantwortlichen \u00fcber folgende Informationen Auskunft verlangen:<\/p>\n<ul>\n<li>die Zwecke, zu denen die personenbezogenen Daten verarbeitet werden;<\/li>\n<li>die Kategorien von personenbezogenen Daten, welche verarbeitet werden;<\/li>\n<li>die Empf\u00e4nger bzw. die Kategorien von Empf\u00e4ngern, gegen\u00fcber denen die Sie betreffenden personenbezogenen Daten offengelegt wurden oder noch offengelegt werden;<\/li>\n<li>die geplante Dauer der Speicherung der Sie betreffenden personenbezogenen Daten oder, falls konkrete Angaben hierzu nicht m\u00f6glich sind, Kriterien f\u00fcr die Festlegung der Speicherdauer;<\/li>\n<li>das Bestehen eines Rechts auf Berichtigung oder L\u00f6schung der Sie betreffenden personenbezogenen Daten, eines Rechts auf Einschr\u00e4nkung der Verarbeitung durch den Verantwortlichen oder eines Widerspruchsrechts gegen diese Verarbeitung;<\/li>\n<li>das Bestehen eines Beschwerderechts bei einer Aufsichtsbeh\u00f6rde;<\/li>\n<li>alle verf\u00fcgbaren Informationen \u00fcber die Herkunft der Daten, wenn die personenbezogenen Daten nicht bei der betroffenen Person erhoben werden;<\/li>\n<\/ul>\n<h4><strong>Recht auf Berichtigung <\/strong><\/h4>\n<p>Sie haben ein Recht auf Berichtigung und\/oder Vervollst\u00e4ndigung gegen\u00fcber dem Verantwortlichen, sofern die verarbeiteten personenbezogenen Daten, die Sie betreffen, unrichtig oder unvollst\u00e4ndig sind. Der Verantwortliche hat die Berichtigung unverz\u00fcglich vorzunehmen.<\/p>\n<h4><strong>Recht auf Einschr\u00e4nkung der Verarbeitung<\/strong><\/h4>\n<p>Unter den folgenden Voraussetzungen k\u00f6nnen Sie die Einschr\u00e4nkung der Verarbeitung der Sie betreffenden personenbezogenen Daten verlangen:<\/p>\n<ul>\n<li>wenn Sie die Richtigkeit der Sie betreffenden personenbezogenen Daten f\u00fcr eine Dauer bestreiten, die es dem Verantwortlichen erm\u00f6glicht, die Richtigkeit der personenbezogenen Daten zu \u00fcberpr\u00fcfen;<\/li>\n<li>die Verarbeitung unrechtm\u00e4\u00dfig ist und Sie die L\u00f6schung der personenbezogenen Daten ablehnen und stattdessen die Einschr\u00e4nkung der Nutzung der personenbezogenen Daten verlangen;<\/li>\n<li>der Verantwortliche die personenbezogenen Daten f\u00fcr die Zwecke der Verarbeitung nicht l\u00e4nger ben\u00f6tigt, Sie diese jedoch zur Geltendmachung, Aus\u00fcbung oder Verteidigung von Rechtsanspr\u00fcchen ben\u00f6tigen, oder<\/li>\n<li>wenn Sie Widerspruch gegen die Verarbeitung gem\u00e4\u00df Art. 21 Abs. 1 DSGVO eingelegt haben und noch nicht feststeht, ob die berechtigten Gr\u00fcnde des Verantwortlichen gegen\u00fcber Ihren Gr\u00fcnden \u00fcberwiegen.<\/li>\n<\/ul>\n<p>Wurde die Verarbeitung der Sie betreffenden personenbezogenen Daten eingeschr\u00e4nkt, d\u00fcrfen diese Daten \u2013 von ihrer Speicherung abgesehen \u2013 nur mit Ihrer Einwilligung oder zur Geltendmachung, Aus\u00fcbung oder Verteidigung von Rechtsanspr\u00fcchen oder zum Schutz der Rechte einer anderen nat\u00fcrlichen oder juristischen Person oder aus Gr\u00fcnden eines wichtigen \u00f6ffentlichen Interesses der Union oder eines Mitgliedstaats verarbeitet werden.<\/p>\n<p>Wurde die Einschr\u00e4nkung der Verarbeitung nach den o. g. Voraussetzungen eingeschr\u00e4nkt, werden Sie von dem Verantwortlichen unterrichtet bevor die Einschr\u00e4nkung aufgehoben wird.<strong>\u00a0<\/strong><\/p>\n<h4><strong>Recht auf L\u00f6schung<\/strong><\/h4>\n<ul>\n<li><strong>L\u00f6schungspflicht<\/strong><\/li>\n<\/ul>\n<p>Sie k\u00f6nnen von dem Verantwortlichen verlangen, dass die Sie betreffenden personenbezogenen Daten unverz\u00fcglich gel\u00f6scht werden, und der Verantwortliche ist verpflichtet, diese Daten unverz\u00fcglich zu l\u00f6schen, sofern einer der folgenden Gr\u00fcnde zutrifft:<\/p>\n<p>\u2013\u00a0\u00a0\u00a0\u00a0\u00a0\u00a0\u00a0\u00a0 Die Sie betreffenden personenbezogenen Daten sind f\u00fcr die Zwecke, f\u00fcr die sie erhoben oder auf sonstige Weise verarbeitet wurden, nicht mehr notwendig.<\/p>\n<p>\u2013\u00a0\u00a0\u00a0\u00a0\u00a0\u00a0\u00a0\u00a0 Sie widerrufen Ihre Einwilligung, auf die sich die Verarbeitung gem. Art. 6 Abs. 1 lit. a) oder Art. 9 Abs. 2 lit. a) DSGVO st\u00fctzte, und es fehlt an einer anderweitigen Rechtsgrundlage f\u00fcr die Verarbeitung.<\/p>\n<p>\u2013\u00a0\u00a0\u00a0\u00a0\u00a0\u00a0\u00a0\u00a0 Sie legen gem. Art. 21 Abs. 1 DSGVO Widerspruch gegen die Verarbeitung ein und es liegen keine vorrangigen berechtigten Gr\u00fcnde f\u00fcr die Verarbeitung vor, oder Sie legen gem. Art. 21 Abs. 2 DSGVO Widerspruch gegen die Verarbeitung ein.<\/p>\n<p>\u2013\u00a0\u00a0\u00a0\u00a0\u00a0\u00a0\u00a0\u00a0 Die Sie betreffenden personenbezogenen Daten wurden unrechtm\u00e4\u00dfig verarbeitet.<\/p>\n<p>\u2013\u00a0\u00a0\u00a0\u00a0\u00a0\u00a0\u00a0\u00a0 Die L\u00f6schung der Sie betreffenden personenbezogenen Daten ist zur Erf\u00fcllung einer rechtlichen Verpflichtung nach dem Unionsrecht oder dem Recht der Mitgliedstaaten erforderlich, dem der Verantwortliche unterliegt.<\/p>\n<p>\u2013\u00a0\u00a0\u00a0\u00a0\u00a0\u00a0\u00a0\u00a0 Die Sie betreffenden personenbezogenen Daten wurden in Bezug auf angebotene Dienste der Informationsgesellschaft gem\u00e4\u00df Art. 8 Abs. 1 DSGVO erhoben.<\/p>\n<ul>\n<li><strong>Information an Dritte<\/strong><\/li>\n<\/ul>\n<p>Hat der Verantwortliche die Sie betreffenden personenbezogenen Daten \u00f6ffentlich gemacht und ist er gem. Art. 17 Abs. 1 DSGVO zu deren L\u00f6schung verpflichtet, so trifft er unter Ber\u00fccksichtigung der verf\u00fcgbaren Technologie und der Implementierungskosten angemessene Ma\u00dfnahmen, auch technischer Art, um f\u00fcr die Datenverarbeitung Verantwortliche, die die personenbezogenen Daten verarbeiten, dar\u00fcber zu informieren, dass Sie als betroffene Person von ihnen die L\u00f6schung aller Links zu diesen personenbezogenen Daten oder von Kopien oder Replikationen dieser personenbezogenen Daten verlangt haben.<\/p>\n<ul>\n<li><strong>Ausnahmen<\/strong><\/li>\n<\/ul>\n<p>Das Recht auf L\u00f6schung besteht nicht, soweit die Verarbeitung erforderlich ist<\/p>\n<p>\u2013\u00a0\u00a0\u00a0\u00a0\u00a0\u00a0\u00a0\u00a0\u00a0\u00a0 zur Aus\u00fcbung des Rechts auf freie Meinungs\u00e4u\u00dferung und Information;<\/p>\n<p>\u2013\u00a0\u00a0\u00a0\u00a0\u00a0\u00a0\u00a0\u00a0\u00a0\u00a0 zur Erf\u00fcllung einer rechtlichen Verpflichtung, die die Verarbeitung nach dem Recht der Union oder der Mitgliedstaaten, dem der Verantwortliche unterliegt, erfordert, oder zur Wahrnehmung einer Aufgabe, die im \u00f6ffentlichen Interesse liegt oder in Aus\u00fcbung \u00f6ffentlicher Gewalt erfolgt, die dem Verantwortlichen \u00fcbertragen wurde;<\/p>\n<p>\u2013\u00a0\u00a0\u00a0\u00a0\u00a0\u00a0\u00a0\u00a0\u00a0\u00a0 aus Gr\u00fcnden des \u00f6ffentlichen Interesses im Bereich der \u00f6ffentlichen Gesundheit gem\u00e4\u00df Art. 9 Abs. 2 lit. h) und i) sowie Art. 9 Abs. 3 DSGVO;<\/p>\n<p>\u2013\u00a0\u00a0\u00a0\u00a0\u00a0\u00a0\u00a0\u00a0\u00a0\u00a0 zur Geltendmachung, Aus\u00fcbung oder Verteidigung von Rechtsanspr\u00fcchen.<\/p>\n<h4><strong>Recht auf Unterrichtung<\/strong><\/h4>\n<p>Haben Sie das Recht auf Berichtigung, L\u00f6schung oder Einschr\u00e4nkung der Verarbeitung gegen\u00fcber dem Verantwortlichen geltend gemacht, ist dieser verpflichtet, allen Empf\u00e4ngern, denen die Sie betreffenden personenbezogenen Daten offengelegt wurden, diese Berichtigung oder L\u00f6schung der Daten oder Einschr\u00e4nkung der Verarbeitung mitzuteilen, es sei denn, dies erweist sich als unm\u00f6glich oder ist mit einem unverh\u00e4ltnism\u00e4\u00dfigen Aufwand verbunden. Ihnen steht gegen\u00fcber dem Verantwortlichen das Recht zu, \u00fcber diese Empf\u00e4nger unterrichtet zu werden.<\/p>\n<h4><strong>Recht auf Daten\u00fcbertragbarkeit<\/strong><strong>\u00a0<\/strong><\/h4>\n<p>Sie haben das Recht, die Sie betreffenden personenbezogenen Daten, die Sie dem Verantwortlichen bereitgestellt haben, in einem strukturierten, g\u00e4ngigen und maschinenlesbaren Format zu erhalten. Au\u00dferdem haben Sie das Recht diese Daten einem anderen Verantwortlichen ohne Behinderung durch den Verantwortlichen, dem die personenbezogenen Daten bereitgestellt wurden, zu \u00fcbermitteln, sofern<\/p>\n<p>\u2013\u00a0\u00a0\u00a0\u00a0\u00a0\u00a0\u00a0\u00a0\u00a0\u00a0 die Verarbeitung auf einer Einwilligung gem. Art. 6 Abs. 1 lit. a DSGVO oder Art. 9 Abs. 2 lit. a) DSGVO oder auf einem Vertrag gem. Art. 6 Abs. 1 lit. b) DSGVO beruht und<\/p>\n<p>\u2013\u00a0\u00a0\u00a0\u00a0\u00a0\u00a0\u00a0\u00a0\u00a0\u00a0 die Verarbeitung mithilfe automatisierter Verfahren erfolgt.<\/p>\n<p>In Aus\u00fcbung dieses Rechts haben Sie ferner das Recht, zu erwirken, dass die Sie betreffenden personenbezogenen Daten direkt von einem Verantwortlichen einem anderen Verantwortlichen \u00fcbermittelt werden, soweit dies technisch machbar ist. Freiheiten und Rechte anderer Personen d\u00fcrfen hierdurch nicht beeintr\u00e4chtigt werden.<\/p>\n<h4><strong>Widerspruchsrecht<\/strong><\/h4>\n<p>Sie haben das Recht, aus Gr\u00fcnden, die sich aus ihrer besonderen Situation ergeben, jederzeit gegen die Verarbeitung der Sie betreffenden personenbezogenen Daten, die aufgrund von Art. 6 Abs. 1 lit. e) oder f) DSGVO erfolgt, Widerspruch einzulegen; dies gilt auch f\u00fcr ein auf diese Bestimmungen gest\u00fctztes Profiling.<\/p>\n<p>Der Verantwortliche verarbeitet die Sie betreffenden personenbezogenen Daten nicht mehr, es sei denn, er kann zwingende schutzw\u00fcrdige Gr\u00fcnde f\u00fcr die Verarbeitung nachweisen, die Ihre Interessen, Rechte und Freiheiten \u00fcberwiegen, oder die Verarbeitung dient der Geltendmachung, Aus\u00fcbung oder Verteidigung von Rechtsanspr\u00fcchen.<\/p>\n<p>Werden die Sie betreffenden personenbezogenen Daten verarbeitet, um Direktwerbung zu betreiben, haben Sie das Recht, jederzeit Widerspruch gegen die Verarbeitung der Sie betreffenden personenbezogenen Daten zum Zwecke derartiger Werbung einzulegen; dies gilt auch f\u00fcr das Profiling, soweit es mit solcher Direktwerbung in Verbindung steht.<\/p>\n<p>Widersprechen Sie der Verarbeitung f\u00fcr Zwecke der Direktwerbung, so werden die Sie betreffenden personenbezogenen Daten nicht mehr f\u00fcr diese Zwecke verarbeitet.<\/p>\n<p>Sie haben die M\u00f6glichkeit, im Zusammenhang mit der Nutzung von Diensten der Informationsgesellschaft \u2013 ungeachtet der Richtlinie 2002\/58\/EG \u2013 Ihr Widerspruchsrecht mittels automatisierter Verfahren auszu\u00fcben, bei denen technische Spezifikationen verwendet werden.<\/p>\n<h4><strong>Recht auf Widerruf der datenschutzrechtlichen Einwilligungserkl\u00e4rung<\/strong><\/h4>\n<p>Sie haben das Recht, Ihre datenschutzrechtliche Einwilligungserkl\u00e4rung jederzeit zu widerrufen. Durch den Widerruf der Einwilligung wird die Rechtm\u00e4\u00dfigkeit der aufgrund der Einwilligung bis zum Widerruf erfolgten Verarbeitung nicht ber\u00fchrt.<\/p>\n<h4><strong>Automatisierte Entscheidung im Einzelfall <\/strong><strong>einschliesslich Profiling<\/strong><\/h4>\n<p>Sie haben das Recht, nicht einer ausschlie\u00dflich auf einer automatisierten Verarbeitung \u2013 einschlie\u00dflich Profiling \u2013 beruhenden Entscheidung unterworfen zu werden, die Ihnen gegen\u00fcber rechtliche Wirkung entfaltet oder Sie in \u00e4hnlicher Weise erheblich beeintr\u00e4chtigt. Dies gilt nicht, wenn die Entscheidung<\/p>\n<ul>\n<li>f\u00fcr den Abschluss oder die Erf\u00fcllung eines Vertrags zwischen Ihnen und dem Verantwortlichen erforderlich ist,<\/li>\n<li>aufgrund von Rechtsvorschriften der Union oder der Mitgliedstaaten, denen der Verantwortliche unterliegt, zul\u00e4ssig ist und diese Rechtsvorschriften angemessene Ma\u00dfnahmen zur Wahrung Ihrer Rechte und Freiheiten sowie Ihrer berechtigten Interessen enthalten oder<\/li>\n<li>mit Ihrer ausdr\u00fccklichen Einwilligung erfolgt.<\/li>\n<\/ul>\n<p>Allerdings d\u00fcrfen diese Entscheidungen nicht auf besonderen Kategorien personenbezogener Daten nach Art. 9 Abs. 1 DSGVO beruhen, sofern nicht Art. 9 Abs. 2 lit. a) oder g) DSGVO gilt und angemessene Ma\u00dfnahmen zum Schutz der Rechte und Freiheiten sowie Ihrer berechtigten Interessen getroffen wurden.<\/p>\n<h4><strong>Recht auf Beschwerde bei einer Aufsichtsbeh\u00f6rde<\/strong><strong>\u00a0<\/strong><\/h4>\n<p>Unbeschadet eines anderweitigen verwaltungsrechtlichen oder gerichtlichen Rechtsbehelfs steht Ihnen das Recht auf Beschwerde bei einer Aufsichtsbeh\u00f6rde, insbesondere in dem Mitgliedstaat ihres Aufenthaltsorts, ihres Arbeitsplatzes oder des Orts des mutma\u00dflichen Versto\u00dfes, zu, wenn Sie der Ansicht sind, dass die Verarbeitung der Sie betreffenden personenbezogenen Daten gegen die DSGVO verst\u00f6\u00dft.<\/p>\n<p>Die Aufsichtsbeh\u00f6rde, bei der die Beschwerde eingereicht wurde, unterrichtet den Beschwerdef\u00fchrer \u00fcber den Stand und die Ergebnisse der Beschwerde einschlie\u00dflich der M\u00f6glichkeit eines gerichtlichen Rechtsbehelfs nach Art. 78 DSGVO.<\/p>\n","protected":false},"excerpt":{"rendered":"<p>DATENSCHUTZERKL\u00c4RUNG Alle personenbezogenen Daten werden vertraulich behandelt. Unsere Datenschutzpraxis steht im Einklang mit dem Bundesdatenschutzgesetz (BDSG) und der Datenschutzgrundverordnung (DSGVO). Verantwortlicher im Sinne der DSGVO und des BDSG Den Verantwortlichen im Sinne von Art. 4 Abs. 7 DSGVO entnehmen Sie bitte dem Impressum, welches Sie jederzeit \u00fcber den Link \u201eImpressum\u201c in der Fu\u00dfzeile erreichen k\u00f6nnen&#8230;.<\/p>\n","protected":false},"author":1,"featured_media":0,"parent":0,"menu_order":0,"comment_status":"closed","ping_status":"closed","template":"","meta":{"_acf_changed":false,"footnotes":""},"acf":[],"_links":{"self":[{"href":"https:\/\/www.julia-heiermann.de\/index.php?rest_route=\/wp\/v2\/pages\/1150"}],"collection":[{"href":"https:\/\/www.julia-heiermann.de\/index.php?rest_route=\/wp\/v2\/pages"}],"about":[{"href":"https:\/\/www.julia-heiermann.de\/index.php?rest_route=\/wp\/v2\/types\/page"}],"author":[{"embeddable":true,"href":"https:\/\/www.julia-heiermann.de\/index.php?rest_route=\/wp\/v2\/users\/1"}],"replies":[{"embeddable":true,"href":"https:\/\/www.julia-heiermann.de\/index.php?rest_route=%2Fwp%2Fv2%2Fcomments&post=1150"}],"version-history":[{"count":4,"href":"https:\/\/www.julia-heiermann.de\/index.php?rest_route=\/wp\/v2\/pages\/1150\/revisions"}],"predecessor-version":[{"id":1154,"href":"https:\/\/www.julia-heiermann.de\/index.php?rest_route=\/wp\/v2\/pages\/1150\/revisions\/1154"}],"wp:attachment":[{"href":"https:\/\/www.julia-heiermann.de\/index.php?rest_route=%2Fwp%2Fv2%2Fmedia&parent=1150"}],"curies":[{"name":"wp","href":"https:\/\/api.w.org\/{rel}","templated":true}]}}